{"id":5026,"date":"2022-04-28T21:33:16","date_gmt":"2022-04-28T21:33:16","guid":{"rendered":"https:\/\/canarytriride.com\/?page_id=5026"},"modified":"2024-04-02T10:55:00","modified_gmt":"2024-04-02T10:55:00","slug":"freno-analogico","status":"publish","type":"page","link":"https:\/\/canarymovilidad.com\/it\/freno-analogico\/","title":{"rendered":"Freno analogico"},"content":{"rendered":"<section class=\"l-section wpb_row height_custom with_shape\"><div class=\"l-section-overlay\" style=\"background:#f5f5f5\"><\/div><div class=\"l-section-shape type_tilt pos_top\" style=\"height:5vh;\"><svg xmlns=\"http:\/\/www.w3.org\/2000\/svg\" viewBox=\"0 0 64 8\" preserveAspectRatio=\"none\" width=\"100%\" height=\"100%\">\r\n\t<path fill=\"currentColor\" d=\"M64 7.9 L64 10 L0 10 L0 0 Z\"\/>\r\n<\/svg><\/div><div class=\"l-section-shape type_tilt pos_bottom hor_flip\" style=\"height:5vh;\"><svg xmlns=\"http:\/\/www.w3.org\/2000\/svg\" viewBox=\"0 0 64 8\" preserveAspectRatio=\"none\" width=\"100%\" height=\"100%\">\r\n\t<path fill=\"currentColor\" d=\"M64 7.9 L64 10 L0 10 L0 0 Z\"\/>\r\n<\/svg><\/div><div class=\"l-section-h i-cf\"><div class=\"g-cols vc_row via_grid cols_1 laptops-cols_inherit tablets-cols_inherit mobiles-cols_1 valign_top type_default stacking_default\"><div class=\"wpb_column vc_column_container\"><div class=\"vc_column-inner\"><div class=\"w-separator size_medium\"><\/div><div class=\"wpb_text_column us_custom_eb849559\"><div class=\"wpb_wrapper\"><div class=\"fusion-title title fusion-title-2 fusion-sep-none fusion-title-center fusion-title-text fusion-title-size-two\">\n<p class=\"title-heading-center fusion-responsive-typography-calculated\"><strong>Comando a pollice aggiuntivo per frenata elettronica.<\/strong><\/p>\n<p class=\"title-heading-center fusion-responsive-typography-calculated\">La frenata \u00e8 pi\u00f9 intensa quanto pi\u00f9 si preme sulla leva (tipo acceleratore) e pu\u00f2 essere quindi dosata con massima precisione.<\/p>\n<\/div>\n<\/div><\/div><div class=\"w-separator size_medium\"><\/div><\/div><\/div><\/div><\/div><\/section><section class=\"l-section wpb_row height_auto width_full\"><div class=\"l-section-h i-cf\"><div class=\"g-cols vc_row via_grid cols_2 laptops-cols_inherit tablets-cols_inherit mobiles-cols_1 valign_top type_default stacking_default\"><div class=\"wpb_column vc_column_container us_custom_b95def34\"><div class=\"vc_column-inner\"><div class=\"w-image align_center\"><div class=\"w-image-h\"><img loading=\"lazy\" decoding=\"async\" width=\"180\" height=\"98\" src=\"https:\/\/canarymovilidad.com\/wp-content\/uploads\/2022\/05\/analog_brake-180x98.png\" class=\"attachment-us_180_0 size-us_180_0\" alt=\"freno anal\u00f3gico\" srcset=\"https:\/\/canarymovilidad.com\/wp-content\/uploads\/2022\/05\/analog_brake-180x98.png 180w, https:\/\/canarymovilidad.com\/wp-content\/uploads\/2022\/05\/analog_brake-300x163.png 300w, https:\/\/canarymovilidad.com\/wp-content\/uploads\/2022\/05\/analog_brake-200x109.png 200w, https:\/\/canarymovilidad.com\/wp-content\/uploads\/2022\/05\/analog_brake.png 311w\" sizes=\"auto, (max-width: 180px) 100vw, 180px\" \/><\/div><\/div><div class=\"w-separator size_medium\"><\/div><div class=\"wpb_text_column\"><div class=\"wpb_wrapper\"><div class=\"fusion-title title fusion-title-3 fusion-sep-none fusion-title-text fusion-title-size-two\">\n<div class=\"fusion-title title fusion-title-3 fusion-sep-none fusion-title-text fusion-title-size-two\">\n<div class=\"fusion-title title fusion-title-3 fusion-sep-none fusion-title-text fusion-title-size-two\">\n<div class=\"fusion-title title fusion-title-3 fusion-sep-none fusion-title-text fusion-title-size-two\">\n<h2 class=\"title-heading-left fusion-responsive-typography-calculated\">AUMENTA L\u2019AUTONOMIA DEL TUO!<\/h2>\n<\/div>\n<div class=\"fusion-text fusion-text-2\">\n<p>L\u2019innovativo sistema EcoDrive \u00e8 una svolta unica ed innovativa nel mondo dei propulsori elettrici per carrozzine manuali, ancora una volta l\u2019innovazione ed il futuro vengono tracciati!<\/p>\n<p>EcoDrive \u00e8 di serie su tutti i dispositivi di trazione.<\/p>\n<\/div>\n<\/div>\n<\/div>\n<\/div>\n<\/div><\/div><div class=\"w-separator size_medium\"><\/div><\/div><\/div><div class=\"wpb_column vc_column_container us_custom_b6a72ce1\"><div class=\"vc_column-inner\"><div class=\"w-image align_center\"><div class=\"w-image-h\"><img loading=\"lazy\" decoding=\"async\" width=\"1600\" height=\"859\" src=\"https:\/\/canarymovilidad.com\/wp-content\/uploads\/2022\/05\/comando_freno_analogico_triride.jpeg\" class=\"attachment-full size-full\" alt=\"freno automatico Triride\" srcset=\"https:\/\/canarymovilidad.com\/wp-content\/uploads\/2022\/05\/comando_freno_analogico_triride.jpeg 1600w, https:\/\/canarymovilidad.com\/wp-content\/uploads\/2022\/05\/comando_freno_analogico_triride-300x161.jpeg 300w, https:\/\/canarymovilidad.com\/wp-content\/uploads\/2022\/05\/comando_freno_analogico_triride-1024x550.jpeg 1024w, https:\/\/canarymovilidad.com\/wp-content\/uploads\/2022\/05\/comando_freno_analogico_triride-180x97.jpeg 180w, https:\/\/canarymovilidad.com\/wp-content\/uploads\/2022\/05\/comando_freno_analogico_triride-200x107.jpeg 200w, https:\/\/canarymovilidad.com\/wp-content\/uploads\/2022\/05\/comando_freno_analogico_triride-600x322.jpeg 600w\" sizes=\"auto, (max-width: 1600px) 100vw, 1600px\" \/><\/div><\/div><\/div><\/div><\/div><\/div><\/section><section class=\"l-section wpb_row us_custom_de67d1db height_custom width_full\"><div class=\"l-section-h i-cf\"><div class=\"g-cols vc_row via_grid cols_1 laptops-cols_inherit tablets-cols_inherit mobiles-cols_1 valign_top type_default stacking_default\"><div class=\"wpb_column vc_column_container\"><div class=\"vc_column-inner\"><div class=\"w-separator size_medium\"><\/div><div class=\"wpb_text_column\"><div class=\"wpb_wrapper\"><h3 style=\"text-align: center;\">I vantaggi del Freno Analogico<\/h3>\n<\/div><\/div><div class=\"w-separator size_medium\"><\/div><div class=\"g-cols wpb_row via_grid cols_2 laptops-cols_inherit tablets-cols_inherit mobiles-cols_1 valign_top type_default stacking_default\"><div class=\"wpb_column vc_column_container\"><div class=\"vc_column-inner\"><div class=\"w-iconbox iconpos_top style_default color_primary align_center\"><div class=\"w-iconbox-icon\" style=\"font-size:3rem;\"><i class=\"fas fa-plus-circle\"><\/i><\/div><div class=\"w-iconbox-meta\"><h4 class=\"w-iconbox-title\">MASSIMO CONTROLLO DELLA FRENATA<\/h4><div class=\"w-iconbox-text\"><div class=\"fusion-column content-box-column content-box-column content-box-column-1 col-lg-6 col-md-6 col-sm-6 fusion-content-box-hover content-box-column-first-in-row\">\n<div class=\"col content-box-wrapper content-wrapper link-area-link-icon content-icon-wrapper-yes icon-hover-animation-fade\" data-animationoffset=\"top-into-view\">\n<div class=\"content-container\">\n<p>Tutta l\u2019efficacia della frenata elettronica a portata di pollice.<\/p>\n<\/div>\n<\/div>\n<\/div>\n<\/div><\/div><\/div><\/div><\/div><div class=\"wpb_column vc_column_container\"><div class=\"vc_column-inner\"><div class=\"w-iconbox iconpos_top style_default color_primary align_center\"><div class=\"w-iconbox-icon\" style=\"font-size:3rem;\"><i class=\"fas fa-plus-circle\"><\/i><\/div><div class=\"w-iconbox-meta\"><h4 class=\"w-iconbox-title\">AUMENTO DELL&#8217;EFFETTO REGEN IN FRENATA<\/h4><div class=\"w-iconbox-text\"><div class=\"fusion-column content-box-column content-box-column content-box-column-1 col-lg-6 col-md-6 col-sm-6 fusion-content-box-hover content-box-column-first-in-row\">\n<div class=\"col content-box-wrapper content-wrapper link-area-link-icon content-icon-wrapper-yes icon-hover-animation-fade\" data-animationoffset=\"top-into-view\">\n<div class=\"content-container\">\n<p>&nbsp;<\/p>\n<div class=\"fusion-row\">\n<section id=\"content\" class=\"full-width\">\n<div id=\"post-2207\" class=\"post-2207 page type-page status-publish hentry\">\n<div class=\"post-content\">\n<div class=\"fusion-fullwidth fullwidth-box fusion-builder-row-3 fusion-flex-container nonhundred-percent-fullwidth non-hundred-percent-height-scrolling\">\n<div class=\"fusion-builder-row fusion-row fusion-flex-align-items-stretch\">\n<div class=\"fusion-layout-column fusion_builder_column fusion-builder-column-4 fusion_builder_column_1_1 1_1 fusion-flex-column\">\n<div class=\"fusion-column-wrapper fusion-flex-justify-content-flex-start fusion-content-layout-column\">\n<div class=\"fusion-content-boxes content-boxes columns row fusion-columns-2 fusion-columns-total-2 fusion-content-boxes-1 content-boxes-icon-on-top content-left\" data-animationoffset=\"top-into-view\">\n<div class=\"fusion-column content-box-column content-box-column content-box-column-2 col-lg-6 col-md-6 col-sm-6 fusion-content-box-hover content-box-column-last content-box-column-last-in-row\">\n<div class=\"col content-box-wrapper content-wrapper link-area-link-icon content-icon-wrapper-yes icon-hover-animation-fade\" data-animationoffset=\"top-into-view\">\n<div class=\"content-container\">\n<p>L\u2019utilizzo costante del sistema di frenata elettronica permette ed implementa l\u2019auto-ricarica della batteria in frenata, aumentando l\u2019autonomia dell\u2019ausilio in termini di percorrenza.<\/p>\n<\/div>\n<\/div>\n<\/div>\n<div class=\"fusion-clearfix\"><\/div>\n<\/div>\n<\/div>\n<\/div>\n<\/div>\n<\/div>\n<\/div>\n<\/div>\n<\/section>\n<\/div>\n<p>&nbsp;<\/p>\n<div class=\"fusion-footer\">\n<footer class=\"fusion-footer-widget-area fusion-widget-area\">\n<div class=\"fusion-row\">\n<div class=\"fusion-columns fusion-columns-4 fusion-widget-area\">\n<div class=\"fusion-column col-lg-3 col-md-3 col-sm-3\"><\/div>\n<\/div>\n<\/div>\n<\/footer>\n<\/div>\n<\/div>\n<\/div>\n<\/div>\n<\/div><\/div><\/div><\/div><\/div><\/div><\/div><\/div><\/div><\/div><\/section>\n","protected":false},"excerpt":{"rendered":"Comando a pollice aggiuntivo per frenata elettronica. La frenata \u00e8 pi\u00f9 intensa quanto pi\u00f9 si preme sulla leva (tipo acceleratore) e pu\u00f2 essere quindi dosata con massima precisione. AUMENTA L\u2019AUTONOMIA DEL TUO! L\u2019innovativo sistema EcoDrive \u00e8 una svolta unica ed innovativa nel mondo dei propulsori elettrici per carrozzine manuali, ancora una volta l\u2019innovazione ed il...","protected":false},"author":1,"featured_media":5051,"parent":0,"menu_order":0,"comment_status":"closed","ping_status":"closed","template":"","meta":{"_joinchat":[],"footnotes":""},"class_list":["post-5026","page","type-page","status-publish","has-post-thumbnail","hentry"],"acf":[],"yoast_head":"<!-- This site is optimized with the Yoast SEO plugin v27.5 - https:\/\/yoast.com\/product\/yoast-seo-wordpress\/ -->\n<title>Freno analogico - Canary Movilidad<\/title>\n<meta name=\"description\" content=\"Freno analogico per il massimo controllo della frenata e un effetto rigenerativo potenziato. Regola l&#039;intensit\u00e0 e ricarica la batteria ad ogni frenata.\" \/>\n<meta name=\"robots\" content=\"index, follow, max-snippet:-1, max-image-preview:large, max-video-preview:-1\" \/>\n<link rel=\"canonical\" href=\"https:\/\/canarymovilidad.com\/it\/freno-analogico\/\" \/>\n<meta property=\"og:locale\" content=\"it_IT\" \/>\n<meta property=\"og:type\" content=\"article\" \/>\n<meta property=\"og:title\" content=\"Freno analogico - Canary Movilidad\" \/>\n<meta property=\"og:description\" content=\"Freno analogico per il massimo controllo della frenata e un effetto rigenerativo potenziato. Regola l&#039;intensit\u00e0 e ricarica la batteria ad ogni frenata.\" \/>\n<meta property=\"og:url\" content=\"https:\/\/canarymovilidad.com\/it\/freno-analogico\/\" \/>\n<meta property=\"og:site_name\" content=\"Canary Movilidad\" \/>\n<meta property=\"article:modified_time\" content=\"2024-04-02T10:55:00+00:00\" \/>\n<meta property=\"og:image\" content=\"https:\/\/canarymovilidad.com\/wp-content\/uploads\/2022\/05\/freno_automatico_triride-1-1.jpeg\" \/>\n\t<meta property=\"og:image:width\" content=\"1600\" \/>\n\t<meta property=\"og:image:height\" content=\"859\" \/>\n\t<meta property=\"og:image:type\" content=\"image\/jpeg\" \/>\n<meta name=\"twitter:card\" content=\"summary_large_image\" \/>\n<meta name=\"twitter:label1\" content=\"Tempo di lettura stimato\" \/>\n\t<meta name=\"twitter:data1\" content=\"2 minuti\" \/>\n<script type=\"application\/ld+json\" class=\"yoast-schema-graph\">{\"@context\":\"https:\\\/\\\/schema.org\",\"@graph\":[{\"@type\":\"WebPage\",\"@id\":\"https:\\\/\\\/canarymovilidad.com\\\/it\\\/freno-analogico\\\/\",\"url\":\"https:\\\/\\\/canarymovilidad.com\\\/it\\\/freno-analogico\\\/\",\"name\":\"Freno analogico - Canary Movilidad\",\"isPartOf\":{\"@id\":\"https:\\\/\\\/canarymovilidad.com\\\/it\\\/#website\"},\"primaryImageOfPage\":{\"@id\":\"https:\\\/\\\/canarymovilidad.com\\\/it\\\/freno-analogico\\\/#primaryimage\"},\"image\":{\"@id\":\"https:\\\/\\\/canarymovilidad.com\\\/it\\\/freno-analogico\\\/#primaryimage\"},\"thumbnailUrl\":\"https:\\\/\\\/canarymovilidad.com\\\/wp-content\\\/uploads\\\/2022\\\/05\\\/freno_automatico_triride-1-1.jpeg\",\"datePublished\":\"2022-04-28T21:33:16+00:00\",\"dateModified\":\"2024-04-02T10:55:00+00:00\",\"description\":\"Freno analogico per il massimo controllo della frenata e un effetto rigenerativo potenziato. Regola l'intensit\u00e0 e ricarica la batteria ad ogni frenata.\",\"breadcrumb\":{\"@id\":\"https:\\\/\\\/canarymovilidad.com\\\/it\\\/freno-analogico\\\/#breadcrumb\"},\"inLanguage\":\"it-IT\",\"potentialAction\":[{\"@type\":\"ReadAction\",\"target\":[\"https:\\\/\\\/canarymovilidad.com\\\/it\\\/freno-analogico\\\/\"]}]},{\"@type\":\"ImageObject\",\"inLanguage\":\"it-IT\",\"@id\":\"https:\\\/\\\/canarymovilidad.com\\\/it\\\/freno-analogico\\\/#primaryimage\",\"url\":\"https:\\\/\\\/canarymovilidad.com\\\/wp-content\\\/uploads\\\/2022\\\/05\\\/freno_automatico_triride-1-1.jpeg\",\"contentUrl\":\"https:\\\/\\\/canarymovilidad.com\\\/wp-content\\\/uploads\\\/2022\\\/05\\\/freno_automatico_triride-1-1.jpeg\",\"width\":1600,\"height\":859,\"caption\":\"freno autom\u00e1tico\"},{\"@type\":\"BreadcrumbList\",\"@id\":\"https:\\\/\\\/canarymovilidad.com\\\/it\\\/freno-analogico\\\/#breadcrumb\",\"itemListElement\":[{\"@type\":\"ListItem\",\"position\":1,\"name\":\"Portada\",\"item\":\"https:\\\/\\\/canarymovilidad.com\\\/it\\\/\"},{\"@type\":\"ListItem\",\"position\":2,\"name\":\"Freno analogico\"}]},{\"@type\":\"WebSite\",\"@id\":\"https:\\\/\\\/canarymovilidad.com\\\/it\\\/#website\",\"url\":\"https:\\\/\\\/canarymovilidad.com\\\/it\\\/\",\"name\":\"Canary Movilidad\",\"description\":\"Triride te lleva donde nunca imaginaste.\",\"potentialAction\":[{\"@type\":\"SearchAction\",\"target\":{\"@type\":\"EntryPoint\",\"urlTemplate\":\"https:\\\/\\\/canarymovilidad.com\\\/it\\\/?s={search_term_string}\"},\"query-input\":{\"@type\":\"PropertyValueSpecification\",\"valueRequired\":true,\"valueName\":\"search_term_string\"}}],\"inLanguage\":\"it-IT\"}]}<\/script>\n<!-- \/ Yoast SEO plugin. -->","yoast_head_json":{"title":"Freno analogico - Canary Movilidad","description":"Freno analogico per il massimo controllo della frenata e un effetto rigenerativo potenziato. Regola l'intensit\u00e0 e ricarica la batteria ad ogni frenata.","robots":{"index":"index","follow":"follow","max-snippet":"max-snippet:-1","max-image-preview":"max-image-preview:large","max-video-preview":"max-video-preview:-1"},"canonical":"https:\/\/canarymovilidad.com\/it\/freno-analogico\/","og_locale":"it_IT","og_type":"article","og_title":"Freno analogico - Canary Movilidad","og_description":"Freno analogico per il massimo controllo della frenata e un effetto rigenerativo potenziato. Regola l'intensit\u00e0 e ricarica la batteria ad ogni frenata.","og_url":"https:\/\/canarymovilidad.com\/it\/freno-analogico\/","og_site_name":"Canary Movilidad","article_modified_time":"2024-04-02T10:55:00+00:00","og_image":[{"width":1600,"height":859,"url":"https:\/\/canarymovilidad.com\/wp-content\/uploads\/2022\/05\/freno_automatico_triride-1-1.jpeg","type":"image\/jpeg"}],"twitter_card":"summary_large_image","twitter_misc":{"Tempo di lettura stimato":"2 minuti"},"schema":{"@context":"https:\/\/schema.org","@graph":[{"@type":"WebPage","@id":"https:\/\/canarymovilidad.com\/it\/freno-analogico\/","url":"https:\/\/canarymovilidad.com\/it\/freno-analogico\/","name":"Freno analogico - Canary Movilidad","isPartOf":{"@id":"https:\/\/canarymovilidad.com\/it\/#website"},"primaryImageOfPage":{"@id":"https:\/\/canarymovilidad.com\/it\/freno-analogico\/#primaryimage"},"image":{"@id":"https:\/\/canarymovilidad.com\/it\/freno-analogico\/#primaryimage"},"thumbnailUrl":"https:\/\/canarymovilidad.com\/wp-content\/uploads\/2022\/05\/freno_automatico_triride-1-1.jpeg","datePublished":"2022-04-28T21:33:16+00:00","dateModified":"2024-04-02T10:55:00+00:00","description":"Freno analogico per il massimo controllo della frenata e un effetto rigenerativo potenziato. Regola l'intensit\u00e0 e ricarica la batteria ad ogni frenata.","breadcrumb":{"@id":"https:\/\/canarymovilidad.com\/it\/freno-analogico\/#breadcrumb"},"inLanguage":"it-IT","potentialAction":[{"@type":"ReadAction","target":["https:\/\/canarymovilidad.com\/it\/freno-analogico\/"]}]},{"@type":"ImageObject","inLanguage":"it-IT","@id":"https:\/\/canarymovilidad.com\/it\/freno-analogico\/#primaryimage","url":"https:\/\/canarymovilidad.com\/wp-content\/uploads\/2022\/05\/freno_automatico_triride-1-1.jpeg","contentUrl":"https:\/\/canarymovilidad.com\/wp-content\/uploads\/2022\/05\/freno_automatico_triride-1-1.jpeg","width":1600,"height":859,"caption":"freno autom\u00e1tico"},{"@type":"BreadcrumbList","@id":"https:\/\/canarymovilidad.com\/it\/freno-analogico\/#breadcrumb","itemListElement":[{"@type":"ListItem","position":1,"name":"Portada","item":"https:\/\/canarymovilidad.com\/it\/"},{"@type":"ListItem","position":2,"name":"Freno analogico"}]},{"@type":"WebSite","@id":"https:\/\/canarymovilidad.com\/it\/#website","url":"https:\/\/canarymovilidad.com\/it\/","name":"Canary Movilidad","description":"Triride te lleva donde nunca imaginaste.","potentialAction":[{"@type":"SearchAction","target":{"@type":"EntryPoint","urlTemplate":"https:\/\/canarymovilidad.com\/it\/?s={search_term_string}"},"query-input":{"@type":"PropertyValueSpecification","valueRequired":true,"valueName":"search_term_string"}}],"inLanguage":"it-IT"}]}},"_links":{"self":[{"href":"https:\/\/canarymovilidad.com\/it\/wp-json\/wp\/v2\/pages\/5026","targetHints":{"allow":["GET"]}}],"collection":[{"href":"https:\/\/canarymovilidad.com\/it\/wp-json\/wp\/v2\/pages"}],"about":[{"href":"https:\/\/canarymovilidad.com\/it\/wp-json\/wp\/v2\/types\/page"}],"author":[{"embeddable":true,"href":"https:\/\/canarymovilidad.com\/it\/wp-json\/wp\/v2\/users\/1"}],"replies":[{"embeddable":true,"href":"https:\/\/canarymovilidad.com\/it\/wp-json\/wp\/v2\/comments?post=5026"}],"version-history":[{"count":5,"href":"https:\/\/canarymovilidad.com\/it\/wp-json\/wp\/v2\/pages\/5026\/revisions"}],"predecessor-version":[{"id":6237,"href":"https:\/\/canarymovilidad.com\/it\/wp-json\/wp\/v2\/pages\/5026\/revisions\/6237"}],"wp:featuredmedia":[{"embeddable":true,"href":"https:\/\/canarymovilidad.com\/it\/wp-json\/wp\/v2\/media\/5051"}],"wp:attachment":[{"href":"https:\/\/canarymovilidad.com\/it\/wp-json\/wp\/v2\/media?parent=5026"}],"curies":[{"name":"wp","href":"https:\/\/api.w.org\/{rel}","templated":true}]}}